{"id":113,"date":"2025-05-22T17:19:25","date_gmt":"2025-05-22T15:19:25","guid":{"rendered":"https:\/\/www.luciana.es\/?page_id=113"},"modified":"2025-08-01T20:07:45","modified_gmt":"2025-08-01T18:07:45","slug":"historia","status":"publish","type":"page","link":"https:\/\/www.luciana.es\/?page_id=113","title":{"rendered":"Historia"},"content":{"rendered":"<p>[et_pb_section fb_built=\u00bb1&#8243; admin_label=\u00bbHeader\u00bb _builder_version=\u00bb4.27.4&#8243; use_background_color_gradient=\u00bbon\u00bb background_color_gradient_stops=\u00bb#3552e0 3%|rgba(255,255,255,0) 29%\u00bb background_color_gradient_overlays_image=\u00bbon\u00bb background_color_gradient_start=\u00bb#000000&#8243; background_color_gradient_end=\u00bbrgba(0,0,0,0.6)\u00bb background_image=\u00bbhttps:\/\/www.luciana.es\/wp-content\/uploads\/2025\/06\/pasaderas-scaled.jpg\u00bb custom_margin=\u00bb||||false\u00bb custom_padding=\u00bb10vw||10vw||true|false\u00bb animation_style=\u00bbslide\u00bb global_colors_info=\u00bb{}\u00bb][et_pb_row _builder_version=\u00bb4.16&#8243; max_width=\u00bb896px\u00bb min_height=\u00bb192.6px\u00bb use_custom_width=\u00bbon\u00bb custom_width_px=\u00bb700px\u00bb global_colors_info=\u00bb{}\u00bb][et_pb_column type=\u00bb4_4&#8243; _builder_version=\u00bb4.16&#8243; custom_padding=\u00bb|||\u00bb global_colors_info=\u00bb{}\u00bb custom_padding__hover=\u00bb|||\u00bb][et_pb_text _builder_version=\u00bb4.16&#8243; text_font=\u00bb||||||||\u00bb header_font=\u00bbPlayfair Display|700|||||||\u00bb header_font_size=\u00bb48px\u00bb header_line_height=\u00bb1.5em\u00bb header_3_font=\u00bbRubik|500||on|||||\u00bb header_3_text_color=\u00bb#098cf2&#8243; header_3_font_size=\u00bb14px\u00bb header_3_letter_spacing=\u00bb2px\u00bb header_3_line_height=\u00bb2em\u00bb text_orientation=\u00bbcenter\u00bb background_layout=\u00bbdark\u00bb min_height=\u00bb136px\u00bb header_font_size_tablet=\u00bb38px\u00bb header_font_size_phone=\u00bb28px\u00bb header_font_size_last_edited=\u00bbon|phone\u00bb global_colors_info=\u00bb{}\u00bb][\/et_pb_text][\/et_pb_column][\/et_pb_row][\/et_pb_section][et_pb_section fb_built=\u00bb1&#8243; admin_label=\u00bbAbout\u00bb _builder_version=\u00bb4.16&#8243; min_height=\u00bb2289.3px\u00bb custom_margin=\u00bb||-399px|||\u00bb custom_padding=\u00bb||0px|||\u00bb global_colors_info=\u00bb{}\u00bb][et_pb_row _builder_version=\u00bb4.16&#8243; global_colors_info=\u00bb{}\u00bb][et_pb_column type=\u00bb4_4&#8243; _builder_version=\u00bb4.16&#8243; custom_padding=\u00bb|||\u00bb global_colors_info=\u00bb{}\u00bb custom_padding__hover=\u00bb|||\u00bb][et_pb_text _builder_version=\u00bb4.27.4&#8243; text_font=\u00bb||||||||\u00bb text_font_size=\u00bb15px\u00bb text_line_height=\u00bb2em\u00bb header_font=\u00bb||||||||\u00bb header_2_font=\u00bbAdamina|700|||||||\u00bb header_2_font_size=\u00bb42px\u00bb header_2_line_height=\u00bb1.5em\u00bb header_3_font=\u00bbRubik|500||on|||||\u00bb header_3_text_color=\u00bb#098cf2&#8243; header_3_font_size=\u00bb14px\u00bb header_3_letter_spacing=\u00bb2px\u00bb header_3_line_height=\u00bb2em\u00bb max_width=\u00bb993px\u00bb animation_style=\u00bbbounce\u00bb text_font_size_tablet=\u00bb\u00bb text_font_size_phone=\u00bb14px\u00bb text_font_size_last_edited=\u00bbon|phone\u00bb header_2_font_size_tablet=\u00bb32px\u00bb header_2_font_size_phone=\u00bb22px\u00bb header_2_font_size_last_edited=\u00bbon|phone\u00bb locked=\u00bboff\u00bb global_colors_info=\u00bb{}\u00bb]<\/p>\n<h3><span style=\"color: #0c71c3;\">AYUNTAMIENTO DE LUCIANA<\/span><\/h3>\n<h2>Historia de Nuestro Municipio<\/h2>\n<p>[\/et_pb_text][\/et_pb_column][\/et_pb_row][et_pb_row column_structure=\u00bb1_3,2_3&#8243; _builder_version=\u00bb4.16&#8243; custom_padding=\u00bb||0px|||\u00bb global_colors_info=\u00bb{}\u00bb][et_pb_column type=\u00bb1_3&#8243; _builder_version=\u00bb4.16&#8243; custom_padding=\u00bb|||\u00bb global_colors_info=\u00bb{}\u00bb custom_padding__hover=\u00bb|||\u00bb][et_pb_image src=\u00bbhttps:\/\/www.luciana.es\/wp-content\/uploads\/2025\/06\/IMG_20211011_133446-01-1-scaled.jpeg\u00bb title_text=\u00bbIMG_20211011_133446-01&#8243; align=\u00bbcenter\u00bb _builder_version=\u00bb4.27.4&#8243; _module_preset=\u00bbdefault\u00bb max_height=\u00bb330px\u00bb custom_padding=\u00bb||0px|||\u00bb animation_style=\u00bbflip\u00bb global_colors_info=\u00bb{}\u00bb][\/et_pb_image][\/et_pb_column][et_pb_column type=\u00bb2_3&#8243; _builder_version=\u00bb4.16&#8243; custom_padding=\u00bb|||\u00bb global_colors_info=\u00bb{}\u00bb custom_padding__hover=\u00bb|||\u00bb][et_pb_text _builder_version=\u00bb4.27.4&#8243; _module_preset=\u00bbdefault\u00bb text_font_size=\u00bb15px\u00bb text_line_height=\u00bb2em\u00bb text_orientation=\u00bbjustified\u00bb custom_padding=\u00bb39px||10px|||\u00bb animation_style=\u00bbflip\u00bb global_colors_info=\u00bb{}\u00bb]<\/p>\n<p>El municipio de LUCIANA se encuentra enclavado en la confluencia de los r\u00edos Bullaque y Guadiana, perteneciendo al Campo de Calatrava en la Comarca de los Montes Norte. Rodeado de montes, sierras (La Carnicera, Los Canalizos), arroyos (Valronquillo, Valp\u00e9rez) y barrancos \u00a0(Horcavacas) lo que evidencia la geograf\u00eda montaraz de esta zona. Igualmente en estos territorios se enclavan puentes y molinos harineros (Molino del Comendador) en los m\u00e1rgenes fluviales, lo que atestigua un pasado social y econ\u00f3mico diferente. El municipio se encuentra pr\u00f3ximo a Ciudad Real capital (38 km) y lim\u00edtrofe a poblaciones como Piedrabuena, Los Pozuelos, Saceruela y Puebla de D. Rodrigo<\/p>\n<p>[\/et_pb_text][\/et_pb_column][\/et_pb_row][et_pb_row column_structure=\u00bb2_3,1_3&#8243; _builder_version=\u00bb4.16&#8243; global_colors_info=\u00bb{}\u00bb][et_pb_column type=\u00bb2_3&#8243; _builder_version=\u00bb4.16&#8243; custom_padding=\u00bb|||\u00bb global_colors_info=\u00bb{}\u00bb custom_padding__hover=\u00bb|||\u00bb][et_pb_text _builder_version=\u00bb4.27.4&#8243; _module_preset=\u00bbdefault\u00bb text_font_size=\u00bb15px\u00bb text_line_height=\u00bb2em\u00bb custom_margin=\u00bb||-27px|||\u00bb animation_style=\u00bbflip\u00bb global_colors_info=\u00bb{}\u00bb]<\/p>\n<p style=\"text-align: justify;\">Haciendo un BREVE REPASO POR LA HISTORIA de Luciana est\u00e1 recogido el paso por esta zona de los romanos ya que era zona de tr\u00e1nsito para ellos desde la actual Cartagena (al este) hasta Emerita\u00a0 Augusta (M\u00e9rida)\u00a0 (al oeste) y es en esas fuentes donde\u00a0 se la denominaba <strong>Leuciana<\/strong>. Pero el nombre no es seguro que fuera este, porque tambi\u00e9n consta en otras fuentes <strong>Ilucia, <\/strong>constando eso s\u00ed, \u00a0la misma ubicaci\u00f3n<strong>.<\/strong> Sobrevivi\u00f3 la aldea durante cientos de a\u00f1os dependiente de Piedrabuena, hasta que ya en \u00e9poca de\u00a0\u00a0 los Reyes Cat\u00f3licos es cuando toma el t\u00edtulo de Villa (en 1500) con un t\u00e9rmino y jurisdicci\u00f3n denominado \u00a0Dehesa de Morilla y cinco Quintos (Chiquero, Rinc\u00f3n, Encinarejo, Campillo y Casta\u00f1o). En contrapartida hab\u00eda que pagar a la Mesa Maestral por la explotaci\u00f3n de todos estos terrenos una cantidad de maraved\u00eds que la poblaci\u00f3n de Luciana, muy reducida, no pod\u00eda soportar.<\/p>\n<p style=\"text-align: justify;\">\n<p>[\/et_pb_text][\/et_pb_column][et_pb_column type=\u00bb1_3&#8243; _builder_version=\u00bb4.16&#8243; custom_padding=\u00bb|||\u00bb global_colors_info=\u00bb{}\u00bb custom_padding__hover=\u00bb|||\u00bb][et_pb_image src=\u00bbhttps:\/\/www.luciana.es\/wp-content\/uploads\/2025\/06\/ANGEL-NAVAS-2-scaled.jpg\u00bb title_text=\u00bbANGEL NAVAS (2)\u00bb align=\u00bbcenter\u00bb _builder_version=\u00bb4.27.4&#8243; _module_preset=\u00bbdefault\u00bb min_height=\u00bb224px\u00bb max_height=\u00bb297px\u00bb animation_style=\u00bbroll\u00bb global_colors_info=\u00bb{}\u00bb][\/et_pb_image][\/et_pb_column][\/et_pb_row][et_pb_row _builder_version=\u00bb4.16&#8243; custom_padding=\u00bb0px|||||\u00bb global_colors_info=\u00bb{}\u00bb][et_pb_column type=\u00bb4_4&#8243; _builder_version=\u00bb4.16&#8243; custom_padding=\u00bb|||\u00bb global_colors_info=\u00bb{}\u00bb custom_padding__hover=\u00bb|||\u00bb][et_pb_text _builder_version=\u00bb4.27.4&#8243; _module_preset=\u00bbdefault\u00bb text_font_size=\u00bb15px\u00bb text_line_height=\u00bb2em\u00bb animation_style=\u00bbflip\u00bb global_colors_info=\u00bb{}\u00bb]<\/p>\n<p style=\"text-align: justify;\">Como resultas de todo esto, se cedieron tres de los Quintos a los vecinos de Ciudad Real, quedando el t\u00e9rmino reducido a dos\u00a0 Quintos.(Campillo y Casta\u00f1o)<\/p>\n<p>[\/et_pb_text][\/et_pb_column][\/et_pb_row][et_pb_row column_structure=\u00bb1_3,2_3&#8243; _builder_version=\u00bb4.16&#8243; custom_padding=\u00bb||0px|||\u00bb global_colors_info=\u00bb{}\u00bb][et_pb_column type=\u00bb1_3&#8243; _builder_version=\u00bb4.16&#8243; custom_padding=\u00bb|||\u00bb global_colors_info=\u00bb{}\u00bb custom_padding__hover=\u00bb|||\u00bb][et_pb_image src=\u00bbhttps:\/\/www.luciana.es\/wp-content\/uploads\/2025\/06\/IMG_20190202_115811-scaled.jpg\u00bb title_text=\u00bbIMG_20190202_115811&#8243; align=\u00bbcenter\u00bb _builder_version=\u00bb4.27.4&#8243; _module_preset=\u00bbdefault\u00bb max_height=\u00bb442px\u00bb custom_padding=\u00bb||42px|||\u00bb animation_style=\u00bbflip\u00bb global_colors_info=\u00bb{}\u00bb][\/et_pb_image][\/et_pb_column][et_pb_column type=\u00bb2_3&#8243; _builder_version=\u00bb4.16&#8243; custom_padding=\u00bb|||\u00bb global_colors_info=\u00bb{}\u00bb custom_padding__hover=\u00bb|||\u00bb][et_pb_text _builder_version=\u00bb4.27.4&#8243; _module_preset=\u00bbdefault\u00bb text_font_size=\u00bb15px\u00bb text_line_height=\u00bb2em\u00bb min_height=\u00bb313px\u00bb animation_style=\u00bbflip\u00bb global_colors_info=\u00bb{}\u00bb]<\/p>\n<p><span style=\"color: #0c71c3; font-size: large;\"><strong>EDIFICIOS SINGULARES<\/strong><\/span><\/p>\n<p style=\"text-align: justify;\">El municipio cuenta con algunos edificios que conservan todav\u00eda la huella de su historia quedando reflejado en las cr\u00f3nicas su uso y su importancia como el caso de <strong>LAS FRAGUAS<\/strong>, establecimientos muy importantes entonces donde todo el trabajo se hac\u00eda manualmente y con una tecnolog\u00eda b\u00e1sica que part\u00eda precisamente de estos edificios. En Luciana exist\u00eda <strong>fragua p\u00fablica<\/strong> edificio que pas\u00f3 por varias funciones como la de calabozo y juzgado y que todav\u00eda se conserva, \u00a0y privadas como la de Melit\u00f3n Gonz\u00e1lez apodado \u201cel maestro\u201d por sus buenas artes. Otros apodos reflejan tambi\u00e9n la importancia de este trabajo: \u201cel virutas\u201d, \u201cel chuscas\u201d.<\/p>\n<p>[\/et_pb_text][\/et_pb_column][\/et_pb_row][et_pb_row _builder_version=\u00bb4.27.4&#8243; _module_preset=\u00bbdefault\u00bb custom_padding=\u00bb0px||1px|||\u00bb global_colors_info=\u00bb{}\u00bb][et_pb_column type=\u00bb4_4&#8243; _builder_version=\u00bb4.27.4&#8243; _module_preset=\u00bbdefault\u00bb global_colors_info=\u00bb{}\u00bb][et_pb_text _builder_version=\u00bb4.27.4&#8243; _module_preset=\u00bbdefault\u00bb text_font_size=\u00bb15px\u00bb text_line_height=\u00bb2em\u00bb min_height=\u00bb250px\u00bb custom_margin=\u00bb-1px||-6px|||\u00bb custom_padding=\u00bb||0px|||\u00bb global_colors_info=\u00bb{}\u00bb]<\/p>\n<p><span style=\"color: #e02b20;\"><strong>LA POSADA<\/strong><\/span><\/p>\n<p>Edificio fundamental en la historia de este pa\u00eds y de cualquier territorio,(ya en \u00e9poca de los romanos tenemos LAS VENTAS a lo largo de las v\u00edas que iban construyendo. Como la Venta de la In\u00e9s, del Quijote). Tambi\u00e9n estaban LAS POSTAS, edificios pensados para hacer el relevo de las caballer\u00edas que llevaban los correos y comunicados. Estos lugares siempre abiertos\u00a0 para acoger a caminantes, arrieros, pastores, comerciantes, etc. A ellos y a sus caballerizas donde se alojaban para la comida y el descanso. Tambi\u00e9n se alojaron <strong>los feriantes<\/strong> durante las fiestas patronales, o <strong>el cartero<\/strong> que ven\u00eda desde Piedrabuena en bicicleta para dejar las cartas.<\/p>\n<p>Parece ser que haciendo esquina entre la calle arroyo (Cervantes) y Puentecillo (8 de marzo) es donde se instal\u00f3 la primera POSADA \u00a0en Luciana \u00a0hacia el a\u00f1o 1902 regentada por <strong>D. Eloy SierraCampos<\/strong>. Ten\u00eda unos grandes portalones para que entraran los carros por la calle Cervantes, un gran zagu\u00e1n y patio empedrado. Los hombres descansaban o dorm\u00edan en sus jergones sobre los poyos que recorr\u00edan el per\u00edmetro. Al fondo las cuadras y los abrevaderos.\u00a0 Una cocina con lumbre como sitio comunitario .En la parte alta las habitaciones de los due\u00f1os y los cuartos para quien pudiera costearse uno para \u00e9l solo.<\/p>\n<p>[\/et_pb_text][\/et_pb_column][\/et_pb_row][et_pb_row column_structure=\u00bb3_5,2_5&#8243; _builder_version=\u00bb4.16&#8243; custom_padding=\u00bb55px||0px|||\u00bb global_colors_info=\u00bb{}\u00bb][et_pb_column type=\u00bb3_5&#8243; _builder_version=\u00bb4.16&#8243; custom_padding=\u00bb|||\u00bb global_colors_info=\u00bb{}\u00bb custom_padding__hover=\u00bb|||\u00bb][et_pb_text _builder_version=\u00bb4.27.4&#8243; _module_preset=\u00bbdefault\u00bb text_line_height=\u00bb2em\u00bb global_colors_info=\u00bb{}\u00bb]<\/p>\n<p><span style=\"color: #e02b20; font-size: medium;\"><strong>AYUNTAMIENTO<\/strong><\/span><\/p>\n<p style=\"text-align: justify;\">\u00a0Desde el 1750 exist\u00eda ya una casa donde se reun\u00edan los vecinos para debatir los problemas del pueblo y custodiar los documentos., Estas asambleas vecinales tambi\u00e9n se celebraban en p\u00f3rticos de iglesias o en la plaza p\u00fablica. El ayuntamiento ya enclavado donde el actual, se remodel\u00f3 varias veces debido a varios incendios. (Guerras Carlistas). Exist\u00eda en estos solares lo que se llamaba el P\u00f2sitoReal,\u00a0 (sobre 1740) aqu\u00ed se almacenaban distintas fanegas de trigo cada temporada en un edificio de \u00fanica planta con dos zonas diferenciadas\u00a0 y construcci\u00f3n recia con un camar\u00f3n de almacenaje al que se acced\u00eda por una escalera manual. Este espacio es el que pasar\u00eda a ser las\u00a0 primitivas escuelas en un ala; la otra parte ser\u00eda la Casa de Audiencias, osea el Ayuntamiento.<\/p>\n<p>[\/et_pb_text][\/et_pb_column][et_pb_column type=\u00bb2_5&#8243; _builder_version=\u00bb4.16&#8243; custom_padding=\u00bb|||\u00bb global_colors_info=\u00bb{}\u00bb custom_padding__hover=\u00bb|||\u00bb][et_pb_image src=\u00bbhttps:\/\/www.luciana.es\/wp-content\/uploads\/2025\/06\/IMG_20211011_133411-01-scaled.jpeg\u00bb title_text=\u00bbIMG_20211011_133411-01&#8243; _builder_version=\u00bb4.27.4&#8243; _module_preset=\u00bbdefault\u00bb custom_padding=\u00bb38px|||||\u00bb global_colors_info=\u00bb{}\u00bb][\/et_pb_image][\/et_pb_column][\/et_pb_row][et_pb_row _builder_version=\u00bb4.27.4&#8243; _module_preset=\u00bbdefault\u00bb custom_padding=\u00bb||0px|||\u00bb global_colors_info=\u00bb{}\u00bb][et_pb_column type=\u00bb4_4&#8243; _builder_version=\u00bb4.27.4&#8243; _module_preset=\u00bbdefault\u00bb global_colors_info=\u00bb{}\u00bb][et_pb_text _builder_version=\u00bb4.27.4&#8243; _module_preset=\u00bbdefault\u00bb text_font_size=\u00bb15px\u00bb text_line_height=\u00bb2em\u00bb custom_margin=\u00bb||56px|||\u00bb global_colors_info=\u00bb{}\u00bb]<\/p>\n<p>El incendio de este sitio fue durante la 1\u00aa Guerra Carlista, que precisamente quer\u00edan arrasar el P\u00f3sito, como almac\u00e9n de alimento a la poblaci\u00f3n.<\/p>\n<p>Ya en el siglo XIX se envi\u00f3 una orden a Luciana para construir Casa Consistorial, escuelas y casas habitaci\u00f3n para instalar a los maestros.\u00a0 En la puerta del ayuntamiento consta la fechade \u00a01877 que es cuando se reconstruy\u00f3 despu\u00e9s del incendio.<\/p>\n<p>[\/et_pb_text][\/et_pb_column][\/et_pb_row][\/et_pb_section][et_pb_section fb_built=\u00bb1&#8243; admin_label=\u00bbServices\u00bb _builder_version=\u00bb4.27.4&#8243; background_color=\u00bbRGBA(255,255,255,0)\u00bb background_enable_image=\u00bboff\u00bb background_size=\u00bbinitial\u00bb min_height=\u00bb90.6px\u00bb custom_margin=\u00bb-10px|||||\u00bb custom_padding=\u00bb127px|0px|0px|0px|false|false\u00bb global_colors_info=\u00bb{}\u00bb][et_pb_row column_structure=\u00bb1_4,3_4&#8243; _builder_version=\u00bb4.27.4&#8243; _module_preset=\u00bbdefault\u00bb global_colors_info=\u00bb{}\u00bb][et_pb_column type=\u00bb1_4&#8243; _builder_version=\u00bb4.27.4&#8243; _module_preset=\u00bbdefault\u00bb global_colors_info=\u00bb{}\u00bb][et_pb_image src=\u00bbhttps:\/\/www.luciana.es\/wp-content\/uploads\/2025\/07\/reloj-carillon1-scaled.jpg\u00bb title_text=\u00bbreloj carill\u00f3n1&#8243; align=\u00bbcenter\u00bb _builder_version=\u00bb4.27.4&#8243; _module_preset=\u00bbdefault\u00bb max_height=\u00bb276px\u00bb custom_margin=\u00bb3px|||||\u00bb global_colors_info=\u00bb{}\u00bb][\/et_pb_image][\/et_pb_column][et_pb_column type=\u00bb3_4&#8243; _builder_version=\u00bb4.27.4&#8243; _module_preset=\u00bbdefault\u00bb global_colors_info=\u00bb{}\u00bb][et_pb_text _builder_version=\u00bb4.27.4&#8243; _module_preset=\u00bbdefault\u00bb text_font_size=\u00bb15px\u00bb text_line_height=\u00bb2em\u00bb custom_padding=\u00bb3px|||||\u00bb global_colors_info=\u00bb{}\u00bb]<\/p>\n<p><span style=\"color: #e02b20;\"><strong>EL RELOJ CARILLON<\/strong><\/span><\/p>\n<p style=\"text-align: justify;\">\u00a0En 1928 se decide construir un torre\u00f3n para albergar el reloj que ya estaba encargado. Se inaugur\u00f3 el 1 de enero de 1929, en la etapa de la dictadura de Primo de Rivera, constando en el acta-contrato los relojeros <strong>Blasco y Liza<\/strong> que eran de Roquetas (Tarragona), siendo alcalde <strong>D. Ces\u00e1reo Gil Rivera<\/strong>. Esta empresa era pionera e important\u00edsima por su buena fabricaci\u00f3n tanto de relojes como de campanas para edificios civiles y religiosos.\u00a0 Inici\u00f3 su andadura en 1921, luego este reloj carill\u00f3n situado en las dependencias del \u00a0Ayuntamiento es de los primeros. Cost\u00f3 3820 pesetas que se tardaron en pagar casi dos a\u00f1os.\u00a0 Tiene su mecanismo custodiado en caja de madera \u00a0\u00a0acristalada. Posee campana exterior y como curiosidad en\u00a0 sus n\u00fameros romanos el IV est\u00e1 representado como IIII.<\/p>\n<p>[\/et_pb_text][\/et_pb_column][\/et_pb_row][et_pb_row column_structure=\u00bb3_5,2_5&#8243; _builder_version=\u00bb4.16&#8243; custom_padding=\u00bb10px||0px|||\u00bb global_colors_info=\u00bb{}\u00bb][et_pb_column type=\u00bb3_5&#8243; _builder_version=\u00bb4.16&#8243; custom_padding=\u00bb|||\u00bb global_colors_info=\u00bb{}\u00bb custom_padding__hover=\u00bb|||\u00bb][et_pb_text _builder_version=\u00bb4.27.4&#8243; _module_preset=\u00bbdefault\u00bb text_line_height=\u00bb2em\u00bb global_colors_info=\u00bb{}\u00bb]<\/p>\n<p><span style=\"color: #e02b20;\"><strong>LA ERMITA DE NTRA. SE\u00d1ORA DEL ROSARIO<\/strong><\/span><\/p>\n<p style=\"text-align: justify;\">Se trata sin duda del primer edificio\u00a0 del que consta por su antig\u00fcedad ya erigido hacia el a\u00f1o 1500, cuando Luciana era una aldea y todav\u00eda no ten\u00eda el t\u00edtulo de VILLA.\u00a0 Se construy\u00f3 en una elevaci\u00f3n (que todav\u00eda es observable) para salvaguardarla de las constantes inundaciones de los arroyos pr\u00f3ximos (Corchuelo y Mingonieto). Orientada al este y con la espada\u00f1a hacia poniente. El camposanto la circundaba. Cuando fue erigido p\u00e1rroco <strong>D.Fernando Palop<\/strong> dio su primera misa solemne en esta iglesia (en el dia de S.Pedro) y se us\u00f3 la llanta oxidada de un carro para que sonara como campana, puesto que la que hab\u00eda se hab\u00eda tirado y fundido en tiempo de\u00a0 la Guerra Civil.<\/p>\n<p>&nbsp;<\/p>\n<p>[\/et_pb_text][\/et_pb_column][et_pb_column type=\u00bb2_5&#8243; _builder_version=\u00bb4.16&#8243; custom_padding=\u00bb|||\u00bb global_colors_info=\u00bb{}\u00bb custom_padding__hover=\u00bb|||\u00bb][et_pb_image src=\u00bbhttps:\/\/www.luciana.es\/wp-content\/uploads\/2025\/07\/Ermita-Ntra.-Sra.-del-Rosario.jpg\u00bb title_text=\u00bbErmita Ntra. Sra. del Rosario\u00bb _builder_version=\u00bb4.27.4&#8243; _module_preset=\u00bbdefault\u00bb custom_padding=\u00bb38px|||||\u00bb global_colors_info=\u00bb{}\u00bb][\/et_pb_image][\/et_pb_column][\/et_pb_row][et_pb_row _builder_version=\u00bb4.27.4&#8243; _module_preset=\u00bbdefault\u00bb custom_margin=\u00bb|auto|13px|auto||\u00bb custom_padding=\u00bb0px|||||\u00bb global_colors_info=\u00bb{}\u00bb][et_pb_column type=\u00bb4_4&#8243; _builder_version=\u00bb4.27.4&#8243; _module_preset=\u00bbdefault\u00bb global_colors_info=\u00bb{}\u00bb][et_pb_text _builder_version=\u00bb4.27.4&#8243; _module_preset=\u00bbdefault\u00bb text_font_size=\u00bb15px\u00bb text_line_height=\u00bb2em\u00bb custom_margin=\u00bb-14px|||||\u00bb custom_padding=\u00bb0px|||||\u00bb global_colors_info=\u00bb{}\u00bb]<\/p>\n<p style=\"text-align: justify;\">Tiene una \u00fanica nave con tejado a dos aguas. Orientada la cabeza al este y a poniente la espada\u00f1a con tres vanos y campana. Los sillares de piedra seguramente tra\u00edda de las proximidades, son de cuarcita pero tambi\u00e9n hay roca volc\u00e1nica y podemos ver marcas de f\u00f3siles y la \u201cmarca de cantero\u201d en algunos de sus sillares.<\/p>\n<p style=\"text-align: justify;\">Por \u00faltimo rese\u00f1ar como datos curiosos que siempre se van transmitiendo de generaci\u00f3n en generaci\u00f3n\u00a0 y que sin duda forman parte de la historia de Luciana y sus gentes, <strong>LAS LEYENDAS.<\/strong><\/p>\n<p style=\"text-align: justify;\">Constan varios anecdotarios p\u00fablicos y\u00a0 privados, pero sin duda la m\u00e1s antigua y conocida es la leyenda de \u2026<\/p>\n<p>[\/et_pb_text][\/et_pb_column][\/et_pb_row][et_pb_row _builder_version=\u00bb4.27.4&#8243; _module_preset=\u00bbdefault\u00bb custom_padding=\u00bb0px|||||\u00bb global_colors_info=\u00bb{}\u00bb][et_pb_column type=\u00bb4_4&#8243; _builder_version=\u00bb4.27.4&#8243; _module_preset=\u00bbdefault\u00bb global_colors_info=\u00bb{}\u00bb][et_pb_text _builder_version=\u00bb4.27.4&#8243; _module_preset=\u00bbdefault\u00bb text_font_size=\u00bb15px\u00bb text_line_height=\u00bb2em\u00bb custom_margin=\u00bb-14px|||||\u00bb custom_padding=\u00bb40px|||||\u00bb global_colors_info=\u00bb{}\u00bb]<\/p>\n<p><span style=\"color: #e02b20;\"><strong>STA. MARIA EGIPCIACA. Y EL \u201cMORTERO\u201d <\/strong><\/span><\/p>\n<p><strong>\u00a0<\/strong>Santa eremita, que se retir\u00f3 al desierto a orar y arrepentirse de su vida anterior y en donde muri\u00f3 con 47 a\u00f1os.<\/p>\n<p>Sus leyendas son muy antiguas (hablamos de un memorial de Felipe II) donde ya vecinos de esa \u00e9poca\u00a0 relatancomo aparec\u00eda una joven por el r\u00edo que\u00a0 utilizaba el famoso \u201cmortero\u201d para triturar algunas hierbas y comer y como algunos pescadores la ve\u00edan y le ofrec\u00edan peces, pero ella no los tomaba y \u00a0desaparec\u00eda.<\/p>\n<p>[\/et_pb_text][\/et_pb_column][\/et_pb_row][et_pb_row column_structure=\u00bb2_5,3_5&#8243; _builder_version=\u00bb4.27.4&#8243; _module_preset=\u00bbdefault\u00bb global_colors_info=\u00bb{}\u00bb][et_pb_column type=\u00bb2_5&#8243; _builder_version=\u00bb4.27.4&#8243; _module_preset=\u00bbdefault\u00bb global_colors_info=\u00bb{}\u00bb][et_pb_image src=\u00bbhttps:\/\/www.luciana.es\/wp-content\/uploads\/2025\/07\/Iglesia-Sta.Ma-Egipciaca.jpg\u00bb title_text=\u00bbIglesia Sta.M\u00aa Egipciaca\u00bb _builder_version=\u00bb4.27.4&#8243; _module_preset=\u00bbdefault\u00bb global_colors_info=\u00bb{}\u00bb][\/et_pb_image][\/et_pb_column][et_pb_column type=\u00bb3_5&#8243; _builder_version=\u00bb4.27.4&#8243; _module_preset=\u00bbdefault\u00bb global_colors_info=\u00bb{}\u00bb][et_pb_text _builder_version=\u00bb4.27.4&#8243; _module_preset=\u00bbdefault\u00bb text_font_size=\u00bb15px\u00bb text_line_height=\u00bb2em\u00bb custom_padding=\u00bb43px|||||\u00bb global_colors_info=\u00bb{}\u00bb]<\/p>\n<p style=\"text-align: justify;\">Tambi\u00e9n se cuenta que cuando a\u00fan Luciana era aldea de Piedrabuena, hab\u00eda aqu\u00ed una peque\u00f1a ermita dedicada a la santa, y los vecinos de Piedrabuena quer\u00edan llev\u00e1rsela para hacerle una iglesia mejor, pero la imagen aparec\u00eda siempre sobre su pedestal en la ermita originaria aqu\u00ed en Luciana .\u00a0 Al final se construy\u00f3 su iglesia en la Plaza Consistorial,\u00a0\u00a0 lugar en el que est\u00e1 actualmente.<\/p>\n<p style=\"text-align: justify;\">[\/et_pb_text][\/et_pb_column][\/et_pb_row][et_pb_row _builder_version=\u00bb4.27.4&#8243; _module_preset=\u00bbdefault\u00bb custom_padding=\u00bb3px|||||\u00bb global_colors_info=\u00bb{}\u00bb][et_pb_column type=\u00bb4_4&#8243; _builder_version=\u00bb4.27.4&#8243; _module_preset=\u00bbdefault\u00bb global_colors_info=\u00bb{}\u00bb][et_pb_text _builder_version=\u00bb4.27.4&#8243; _module_preset=\u00bbdefault\u00bb text_font_size=\u00bb15px\u00bb text_line_height=\u00bb2em\u00bb global_colors_info=\u00bb{}\u00bb]<\/p>\n<p style=\"text-align: justify;\">La historia del \u201cmortero\u201d rese\u00f1a a una piedra desgastada por el uso de varias generaciones que la utilizaron precisamente para triturar alimentos o especias y hierbas en esas jornadas dedicadas a la pesca\u00a0 en la ribera del r\u00edo. La piedra, conservada actualmente,\u00a0 alberga las piedrecitas que se tiran a ella manifestando un deseo que se espera sea concedido. En Luciana el d\u00eda 2 de abril,se celebra la Festividad de esta Santa eremita con ofrenda floral y procesi\u00f3n que discurre desde su iglesia hasta el r\u00edo, precisamente en la zona donde se encuentra enclavado \u201cel mortero\u201d.<\/p>\n<p style=\"text-align: justify;\">Formando parte del legado hist\u00f3rico, en Luciana se ubic\u00f3 el Aer\u00f3dromo perteneciente al Primer sector de la 5\u00aa Regi\u00f3n A\u00e9rea construido en 1938. Testigos de \u00e9ste, son los dos <strong>refugios antia\u00e9reos<\/strong> en forma de L y otros dos con doble entrada y con capacidad para 30\/40 personas.<\/p>\n<p>[\/et_pb_text][\/et_pb_column][\/et_pb_row][et_pb_row column_structure=\u00bb1_2,1_2&#8243; _builder_version=\u00bb4.27.4&#8243; _module_preset=\u00bbdefault\u00bb global_colors_info=\u00bb{}\u00bb][et_pb_column type=\u00bb1_2&#8243; _builder_version=\u00bb4.27.4&#8243; _module_preset=\u00bbdefault\u00bb global_colors_info=\u00bb{}\u00bb][et_pb_image src=\u00bbhttps:\/\/www.luciana.es\/wp-content\/uploads\/2025\/07\/mortero-junto-a-rio-Guadiana-scaled.jpg\u00bb title_text=\u00bbmortero junto a r\u00edo Guadiana\u00bb align=\u00bbcenter\u00bb _builder_version=\u00bb4.27.4&#8243; _module_preset=\u00bbdefault\u00bb max_height=\u00bb450px\u00bb global_colors_info=\u00bb{}\u00bb][\/et_pb_image][\/et_pb_column][et_pb_column type=\u00bb1_2&#8243; _builder_version=\u00bb4.27.4&#8243; _module_preset=\u00bbdefault\u00bb global_colors_info=\u00bb{}\u00bb][et_pb_image src=\u00bbhttps:\/\/www.luciana.es\/wp-content\/uploads\/2025\/07\/refugio-antiaereo.jpg\u00bb title_text=\u00bbrefugio antiaereo\u00bb align=\u00bbcenter\u00bb _builder_version=\u00bb4.27.4&#8243; _module_preset=\u00bbdefault\u00bb max_height=\u00bb450px\u00bb global_colors_info=\u00bb{}\u00bb][\/et_pb_image][\/et_pb_column][\/et_pb_row][et_pb_row _builder_version=\u00bb4.27.4&#8243; _module_preset=\u00bbdefault\u00bb global_colors_info=\u00bb{}\u00bb][et_pb_column type=\u00bb4_4&#8243; _builder_version=\u00bb4.27.4&#8243; _module_preset=\u00bbdefault\u00bb global_colors_info=\u00bb{}\u00bb][\/et_pb_column][\/et_pb_row][\/et_pb_section]<\/p>\n","protected":false},"excerpt":{"rendered":"<p>AYUNTAMIENTO DE LUCIANA Historia de Nuestro MunicipioEl municipio de LUCIANA se encuentra enclavado en la confluencia de los r\u00edos Bullaque y Guadiana, perteneciendo al Campo de Calatrava en la Comarca de los Montes Norte. Rodeado de montes, sierras (La Carnicera, Los Canalizos), arroyos (Valronquillo, Valp\u00e9rez) y barrancos \u00a0(Horcavacas) lo que evidencia la geograf\u00eda montaraz de [&hellip;]<\/p>\n","protected":false},"author":1,"featured_media":0,"parent":0,"menu_order":0,"comment_status":"closed","ping_status":"closed","template":"","meta":{"_et_pb_use_builder":"on","_et_pb_old_content":"<!-- wp:divi\/placeholder \/-->","_et_gb_content_width":"","footnotes":""},"class_list":["post-113","page","type-page","status-publish","hentry"],"_links":{"self":[{"href":"https:\/\/www.luciana.es\/index.php?rest_route=\/wp\/v2\/pages\/113","targetHints":{"allow":["GET"]}}],"collection":[{"href":"https:\/\/www.luciana.es\/index.php?rest_route=\/wp\/v2\/pages"}],"about":[{"href":"https:\/\/www.luciana.es\/index.php?rest_route=\/wp\/v2\/types\/page"}],"author":[{"embeddable":true,"href":"https:\/\/www.luciana.es\/index.php?rest_route=\/wp\/v2\/users\/1"}],"replies":[{"embeddable":true,"href":"https:\/\/www.luciana.es\/index.php?rest_route=%2Fwp%2Fv2%2Fcomments&post=113"}],"version-history":[{"count":28,"href":"https:\/\/www.luciana.es\/index.php?rest_route=\/wp\/v2\/pages\/113\/revisions"}],"predecessor-version":[{"id":1515,"href":"https:\/\/www.luciana.es\/index.php?rest_route=\/wp\/v2\/pages\/113\/revisions\/1515"}],"wp:attachment":[{"href":"https:\/\/www.luciana.es\/index.php?rest_route=%2Fwp%2Fv2%2Fmedia&parent=113"}],"curies":[{"name":"wp","href":"https:\/\/api.w.org\/{rel}","templated":true}]}}